{"id":777,"date":"2011-06-17T00:00:00","date_gmt":"2011-06-16T23:00:00","guid":{"rendered":"http:\/\/www.grappa.no\/albums\/uncategorized\/visa-vid-vindens-angar\/"},"modified":"2016-08-16T08:35:41","modified_gmt":"2016-08-16T07:35:41","slug":"visa-vid-vindens-angar","status":"publish","type":"product","link":"https:\/\/grappa.no\/no\/albums\/grappa\/visa-vid-vindens-angar\/","title":{"rendered":"Visa vid Vindens \u00c4ngar"},"content":{"rendered":"<p><\/p>\n<p>Alexander Rybak<\/p>\n<p>Etter at Alexander fremf\u00f8rte Paulsons \u201dVisa vid vindens \u00e4ngar\u201d under en konsert i 2009, ble et amat\u00f8ropptak publisert p\u00e5 YouTube. Mats Paulson fikk tilsendt en link til dette klippet av en venn, og skrev deretter et brev til Alexander. Dette resulterte til et n\u00e6rt vennskap og et helt spesielt samarbeid mellom Mats og Alexander.<\/p>\n<p><!--more--><\/p>\n<p>Gjennom flere \u00e5r har Alexander Rybak (25) beundret komposisjonene og tekstene til den svenske visedikteren og poeten Mats Paulson (73). N\u00e5 kommer Alexander Rybaks nye album; &quot;Visa vid vindens \u00e4ngar&quot;<\/p>\n<h4>Hilsen fra Alexander<\/h4>\n<p>\u2013 En eurovisionvinner f\u00e5r mange spennende opplevelser p\u00e5 samvittigheten. St\u00f8rst av alt for meg var likevel den dagen, da jeg fikk et brev fra Mats Paulson. Han hadde sett min framf\u00f8ring av \u201dVisa vid vindens \u00e4ngar\u201d, og ville takke meg for at jeg sang l\u00e5tene hans. Det var vanskelig \u00e5 forst\u00e5 at en s\u00e5 stor komponist hadde tatt seg bryet \u00e5 skrive et langt brev til meg. Tiden gikk og livet etter Eurovision ble mer og mer uvirkelig. Jeg f\u00f8lte at n\u00e5 trengte jeg et prosjekt hvor jeg hentet frem mennesket i meg. Men jeg trengte en \u00e5 samarbeide med. En som forstod seg p\u00e5 livet, en som forstod seg p\u00e5 mennesker, men ikke minst en som forstod seg p\u00e5 musikk. En som Mats Paulson. Heldigvis var han glad for \u00e5 hjelpe meg. Jeg fikk til og med lov \u00e5 lage noen melodier selv, og jeg h\u00e5per de faller i smak. Mats sine tekster handler om \u00e5 glede seg over sm\u00e5 og store ting i livet, og det h\u00e5per jeg dere vil gj\u00f8re etter \u00e5 ha h\u00f8rt gjennom albumet. Jeg synger p\u00e5 svensk, forresten.<br \/>\nAlex<\/p>\n<h4><\/h4>\n<p><h4><\/h4>\n<\/p>\n<p><\/p>","protected":false},"excerpt":{"rendered":"<p>\u2013 Mats sine tekster handler om \u00e5 glede seg over sm\u00e5 og store ting i livet, og det h\u00e5per jeg dere vil gj\u00f8re etter \u00e5 ha h\u00f8rt gjennom albumet. Jeg synger p\u00e5 svensk, forresten. [Alex]<\/p>\n","protected":false},"featured_media":27055,"comment_status":"closed","ping_status":"open","template":"","meta":[],"product_brand":[],"product_cat":[6],"product_tag":[],"class_list":{"0":"post-777","1":"product","2":"type-product","3":"status-publish","4":"has-post-thumbnail","6":"product_cat-grappa","7":"product_shipping_class-cddvd-shipping","8":"uni_artist_tag-alexander-rybak","9":"uni_artist_tag-amalie-kvaksrud","10":"uni_artist_tag-borge-are-halvorsen","11":"uni_artist_tag-christine-kolstad-balk","12":"uni_artist_tag-gunnar-flagstad","13":"uni_artist_tag-knut-bjornar-asphol","14":"uni_artist_tag-magnus-westgaard","15":"uni_artist_tag-mats-paulson","16":"uni_artist_tag-monica-kilvaer","17":"uni_artist_tag-stian-carstensen","18":"uni_artist_tag-tone-lise-ramstad-asphol","19":"uni_artist_tag-torstein-lofthus","20":"uni_main_artist_tag-alexander-rybak","21":"uni_artist_genre-folk-music","22":"uni_artist_genre-singersongwriter","24":"first","25":"instock","26":"taxable","27":"shipping-taxable","28":"purchasable","29":"product-type-simple"},"_links":{"self":[{"href":"https:\/\/grappa.no\/no\/wp-json\/wp\/v2\/product\/777","targetHints":{"allow":["GET"]}}],"collection":[{"href":"https:\/\/grappa.no\/no\/wp-json\/wp\/v2\/product"}],"about":[{"href":"https:\/\/grappa.no\/no\/wp-json\/wp\/v2\/types\/product"}],"replies":[{"embeddable":true,"href":"https:\/\/grappa.no\/no\/wp-json\/wp\/v2\/comments?post=777"}],"wp:featuredmedia":[{"embeddable":true,"href":"https:\/\/grappa.no\/no\/wp-json\/wp\/v2\/media\/27055"}],"wp:attachment":[{"href":"https:\/\/grappa.no\/no\/wp-json\/wp\/v2\/media?parent=777"}],"wp:term":[{"taxonomy":"product_brand","embeddable":true,"href":"https:\/\/grappa.no\/no\/wp-json\/wp\/v2\/product_brand?post=777"},{"taxonomy":"product_cat","embeddable":true,"href":"https:\/\/grappa.no\/no\/wp-json\/wp\/v2\/product_cat?post=777"},{"taxonomy":"product_tag","embeddable":true,"href":"https:\/\/grappa.no\/no\/wp-json\/wp\/v2\/product_tag?post=777"}],"curies":[{"name":"wp","href":"https:\/\/api.w.org\/{rel}","templated":true}]}}