{"id":573,"date":"2007-10-15T00:00:00","date_gmt":"2007-10-14T23:00:00","guid":{"rendered":"http:\/\/www.grappa.no\/albums\/uncategorized\/hjerteknuser\/"},"modified":"2016-11-18T16:21:58","modified_gmt":"2016-11-18T15:21:58","slug":"hjerteknuser","status":"publish","type":"product","link":"https:\/\/grappa.no\/no\/albums\/grappa\/hjerteknuser\/","title":{"rendered":"HJERTEKNUSER"},"content":{"rendered":"<p><\/p>\n<p>Noveller fra Eggums verden<\/p>\n<p>Med Hjerteknuser bekrefter Jan Eggum sin status som en av landets fremste l\u00e5tskrivere og gj\u00f8r det klart hvorfor han er en av v\u00e5re mest anerkjente og folkekj\u00e6re artister. Utgivelsen fikk str\u00e5lende mottagelser og singelen \u201dFrk. Hjerteknuser\u201d, sunget med Bj\u00f8rn Eidsv\u00e5g, klatret raskt til f\u00f8rsteplass p\u00e5 Norsktoppen der den ble liggende en lang stund. I tillegg ble l\u00e5ten a-listet p\u00e5 NRK P1. Hjerteknuser er en varm og \u00e6rlig plate, typisk for Eggum. Utgivelsen \u00e5pner med en av hans eldste komposisjoner, \u201dMyrsnipa\u201d, her utgitt p\u00e5 plate for f\u00f8rste gang, og avslutter med en av hans nyeste, \u201dN\u00e5r pappa kommer hjem\u201d. Med sterke tekster tar han oss gjennom et univers av skjebner. Han synger s\u00e5rt om ensomhet i \u201dR\u00f8r meg\u201d og minner oss p\u00e5 tidens ubarmhjertighet i \u201dTyven skal du hete\u201d. Foruten Eidsv\u00e5g har Eggum f\u00e5tt med seg flere dyktige artister, deriblant gitarkameratene Lillebj\u00f8rn Nilsen, Halvdan Sivertsen og \u00d8ystein Sunde, Bergen Filharmoniske Orkester, Karin Park og Thomas Dybdahl.<\/p>\n<p><!--more--><\/p>\n<p>Noveller fra Eggums verden.<\/p>\n<h4>Om farsrollen<\/h4>\n<p>F\u00f8rste og siste sang p\u00e5 Hjerteknuser binder sammen innholdet p\u00e5 en inviterende m\u00e5te. Reisen starter med \u201dMyrsnipa\u201d, sangen som i sin tid ble inspirert av folkeeventyret hvor moralen er \u201dEnhver synes best om sine egne barn\u201d. Denne moralen vender tilbake i Jan Eggums egen lovprising av sine egne barn, mesterlig pakket inn i en tekst om pappaen som ikke alltid er der. Kanskje han aldri er der. N\u00e5r den siste melodilinjen av \u201dN\u00e5r pappa kommer hjem\u201d toner ut, skal man v\u00e6re ganske hardhjertet for ikke \u00e5 merke en t\u00e5re i \u00f8yekroken.<\/p>\n<h4>Et sympatisk blikk<\/h4>\n<p>Underveis stopper Eggum opp og dveler ved viktige \u00f8yeblikk og sentrale personer i livet. Og som med enhver Eggum-l\u00e5t, er det flere sider og tolkningsmuligheter i tekstene enn det er fartssyndere p\u00e5 motorveien. Ta \u201dFrk. Hjerteknuser\u201d \u2013 er hun s\u00e5 ille som de to middelaldrende sangerne vil ha det til? Kan det ikke tenkes at Eggum &amp; Eidsv\u00e5g nyter \u00e5 synge om henne, fordi de innerst inne er glade for at hun finnes? Jo, de to bamsene lurer ikke oss! Sjansen er stor for at Eggum er glad i alle personene han beskriver i sangene sine \u2013 om enn i variabel grad. Det er lett \u00e5 forst\u00e5 hans sympati med dem som er blitt holdt utenfor (\u201dN\u00e5 kommer de\u201d). Men like sterk er hans medf\u00f8lelse med den lille mannen i baren som ingen ser, og som bare s\u00f8ker kj\u00e6rlighet (\u201dR\u00f8r meg\u201d), og hans forst\u00e5else for at en liten gr\u00e5 mus velger \u00e5 f\u00f8le seg som en stjerne (\u201dGr\u00e5 mus\u201d). Og er det mulig \u00e5 h\u00f8re \u201dOgs\u00e5 et liv\u201d uten \u00e5 ha medf\u00f8lelse for kvinnen som ofrer alt \u2013 inkludert karriere og kj\u00e6rlighet \u2013 fordi hun synes s\u00e5 synd p\u00e5 mannen?<\/p>\n<h4>Eggums verden<\/h4>\n<p>Jan Eggum setter ogs\u00e5 ord \u2013 og navn \u2013 p\u00e5 livets usynlige dirigenter. Tiden som g\u00e5r blir portrettert i \u201dTyven skal du hete\u201d, mens \u201dTilfeldigvis\u201d gir oss en p\u00e5minnelse om at det aller meste i livet er tilfeldig \u2013 ogs\u00e5 kj\u00e6rligheten. Sangen fremf\u00f8res i duett med Karin Park, og selv om budskapet kan synes naivt og enkelt, blir det presentert p\u00e5 typisk eggumsk vis \u2013 med elegante vendinger og velvalgte ord. Og ingen andre enn Eggum klarer \u00e5 beskrive savnet av en annen p\u00e5 en s\u00e5 inderlig m\u00e5te som han gj\u00f8r det i \u201dN\u00e5r du er langt herfra\u201d. Hvilket bringer oss til veis ende, i en sang som plasserer seg blant de absolutt beste som er kommet fra Eggum (og det sier ikke s\u00e5 lite!) \u2013 \u201dN\u00e5r pappa kommer hjem\u201d. Alle fedres d\u00e5rlige samvittighet destillert til fire minutter. En mesterlig novelle, satt til musikk av mesteren selv.<\/p>\n<p><\/p>","protected":false},"excerpt":{"rendered":"<p>\u2013 Vi tar av oss hatten og b\u00f8yer oss i st\u00f8vet for Jan Eggum. [5\/6 Arild Berg Karlsen \/ Bergensavisen BA]<\/p>\n","protected":false},"featured_media":27010,"comment_status":"closed","ping_status":"open","template":"","meta":[],"product_brand":[],"product_cat":[6],"product_tag":[],"class_list":{"0":"post-573","1":"product","2":"type-product","3":"status-publish","4":"has-post-thumbnail","6":"product_cat-grappa","7":"product_shipping_class-cddvd-shipping","8":"uni_artist_tag-aja-humm","9":"uni_artist_tag-allan-withington","10":"uni_artist_tag-andreas-fliflet","11":"uni_artist_tag-anita-skorgan","12":"uni_artist_tag-atle-nymo","13":"uni_artist_tag-bergen-philharmonic-orchestra","14":"uni_artist_tag-bjorn-eidsvag","15":"uni_artist_tag-borge-are-halvorsen","16":"uni_artist_tag-frode-nymo","17":"uni_artist_tag-frode-ostang-mangen","18":"uni_artist_tag-gaute-storaas","19":"uni_artist_tag-georg-wadenius","20":"uni_artist_tag-gunnar-hauge","21":"uni_artist_tag-halvdan-sivertsen","22":"uni_artist_tag-hans-petter-hp-gundersen","23":"uni_artist_tag-heine-totland","24":"uni_artist_tag-jan-eggum","25":"uni_artist_tag-jan-reed-larsen","26":"uni_artist_tag-john-arild-suther","27":"uni_artist_tag-jonny-sjo","28":"uni_artist_tag-jorgen-gjerde","29":"uni_artist_tag-jorn-pedersen","30":"uni_artist_tag-kare-sandvik","31":"uni_artist_tag-kari-iveland","32":"uni_artist_tag-karin-park","33":"uni_artist_tag-kim-ofstad","34":"uni_artist_tag-lars-erik-gudim","35":"uni_artist_tag-leif-johansen","36":"uni_artist_tag-lillebjorn-nilsen","37":"uni_artist_tag-lina-marie-arnes","38":"uni_artist_tag-mari-giske","39":"uni_artist_tag-mari-persen","40":"uni_artist_tag-marius-haltli","41":"uni_artist_tag-nova-chamber-choir","42":"uni_artist_tag-oystein-sunde","43":"uni_artist_tag-tarald-tvedten","44":"uni_artist_tag-thomas-dybdahl","45":"uni_artist_tag-tommy-haltbakk","46":"uni_artist_tag-tore-brunborg","47":"uni_artist_tag-torodd-wigum","48":"uni_main_artist_tag-jan-eggum","49":"uni_artist_genre-norwegian","50":"uni_artist_genre-pop","51":"uni_artist_genre-rock","52":"uni_artist_genre-singersongwriter","54":"first","55":"instock","56":"taxable","57":"shipping-taxable","58":"purchasable","59":"product-type-simple"},"_links":{"self":[{"href":"https:\/\/grappa.no\/no\/wp-json\/wp\/v2\/product\/573","targetHints":{"allow":["GET"]}}],"collection":[{"href":"https:\/\/grappa.no\/no\/wp-json\/wp\/v2\/product"}],"about":[{"href":"https:\/\/grappa.no\/no\/wp-json\/wp\/v2\/types\/product"}],"replies":[{"embeddable":true,"href":"https:\/\/grappa.no\/no\/wp-json\/wp\/v2\/comments?post=573"}],"wp:featuredmedia":[{"embeddable":true,"href":"https:\/\/grappa.no\/no\/wp-json\/wp\/v2\/media\/27010"}],"wp:attachment":[{"href":"https:\/\/grappa.no\/no\/wp-json\/wp\/v2\/media?parent=573"}],"wp:term":[{"taxonomy":"product_brand","embeddable":true,"href":"https:\/\/grappa.no\/no\/wp-json\/wp\/v2\/product_brand?post=573"},{"taxonomy":"product_cat","embeddable":true,"href":"https:\/\/grappa.no\/no\/wp-json\/wp\/v2\/product_cat?post=573"},{"taxonomy":"product_tag","embeddable":true,"href":"https:\/\/grappa.no\/no\/wp-json\/wp\/v2\/product_tag?post=573"}],"curies":[{"name":"wp","href":"https:\/\/api.w.org\/{rel}","templated":true}]}}