{"id":508,"date":"1993-06-21T00:00:00","date_gmt":"1993-06-20T23:00:00","guid":{"rendered":"http:\/\/www.grappa.no\/albums\/uncategorized\/naere-nilsen\/"},"modified":"2024-01-29T14:02:19","modified_gmt":"2024-01-29T13:02:19","slug":"naere-nilsen","status":"publish","type":"product","link":"https:\/\/grappa.no\/no\/albums\/grappa\/naere-nilsen\/","title":{"rendered":"N\u00c6RE NILSEN"},"content":{"rendered":"<p><\/p>\n<p>Allsidige Nilsen<\/p>\n<p>N\u00e6re Nilsen er representativ for Lillebj\u00f8rn Nilsens allsidige talent. Her blandes eget materiale og irsk folkemelodi, blues og nynorsk tekst, hardingfele, dobro og balalaika. Utgivelsen vitner om Nilsens respekt for tradisjonen, men bekrefter ogs\u00e5 hans evne til \u00e5 skape musikk som er umiskjennelig \u201dNilsensk\u201d. Platen b\u00e6rer preg av Nilsens musikalske st\u00f8dighet og personlige nerve, godt hjulpet av dyktige musikere. Spesielt verdt \u00e5 merke seg er \u201dGul og vissen\u201d, skrevet og fremf\u00f8rt i samarbeid med Lars Lillo-Stenberg. Flere av sangene tematiserer tilh\u00f8righet, b\u00e5de i skildringer av flyktige, personlige relasjoner (\u201dS\u00e5 n\u00e6re vi var\u201d) og ironiske sleivspark til kulturimperialisme (\u201dHvor kommer alle cowboyene fra?\u201d). Platen byr dessuten p\u00e5 muntre og fengende l\u00e5ter slik som den lystige \u201dFort gjort \u00e5 glemme\u201d og den sommerlige Oslo-sangen \u201d1000 s\u00f8te damer\u201d.<\/p>\n<p><!--more--><\/p>\n<h4><\/h4>\n<\/p>\n<h4><\/h4>\n<p><h4><\/h4>\n<\/p>\n<p><\/p>","protected":false},"excerpt":{"rendered":"<p>Umiskjennelig \u201dNilsensk\u201d!<\/p>\n","protected":false},"featured_media":26915,"comment_status":"closed","ping_status":"closed","template":"","meta":[],"product_brand":[],"product_cat":[6],"product_tag":[],"class_list":{"0":"post-508","1":"product","2":"type-product","3":"status-publish","4":"has-post-thumbnail","6":"product_cat-grappa","7":"product_shipping_class-cddvd-shipping","8":"uni_artist_tag-bjorn-kjellemyr","9":"uni_artist_tag-davy-graham","10":"uni_artist_tag-erland-lyngve","11":"uni_artist_tag-geir-sundstol","12":"uni_artist_tag-halvdan-sivertsen","13":"uni_artist_tag-inge-thorstenson","14":"uni_artist_tag-jan-eggum","15":"uni_artist_tag-johnny-sareussen","16":"uni_artist_tag-kristin-skaare","17":"uni_artist_tag-lars-just-nilsen","18":"uni_artist_tag-lars-lillo-stenberg","19":"uni_artist_tag-lillebjorn-nilsen","20":"uni_artist_tag-magnus-freberg","21":"uni_artist_tag-morten-asklie","22":"uni_artist_tag-oystein-sunde","23":"uni_artist_tag-paolo-vinaccia","24":"uni_artist_tag-shari-gerber-nilsen","25":"uni_artist_tag-stein-erik-tafjord","26":"uni_artist_tag-steinar-ofsdal","27":"uni_artist_tag-sverre-erik-henriksen","28":"uni_artist_tag-terje-venaas","29":"uni_artist_tag-torbjorn-okland","30":"uni_artist_tag-trad","31":"uni_main_artist_tag-lillebjorn-nilsen","32":"uni_artist_genre-singersongwriter","34":"first","35":"outofstock","36":"taxable","37":"shipping-taxable","38":"purchasable","39":"product-type-simple"},"_links":{"self":[{"href":"https:\/\/grappa.no\/no\/wp-json\/wp\/v2\/product\/508","targetHints":{"allow":["GET"]}}],"collection":[{"href":"https:\/\/grappa.no\/no\/wp-json\/wp\/v2\/product"}],"about":[{"href":"https:\/\/grappa.no\/no\/wp-json\/wp\/v2\/types\/product"}],"replies":[{"embeddable":true,"href":"https:\/\/grappa.no\/no\/wp-json\/wp\/v2\/comments?post=508"}],"wp:featuredmedia":[{"embeddable":true,"href":"https:\/\/grappa.no\/no\/wp-json\/wp\/v2\/media\/26915"}],"wp:attachment":[{"href":"https:\/\/grappa.no\/no\/wp-json\/wp\/v2\/media?parent=508"}],"wp:term":[{"taxonomy":"product_brand","embeddable":true,"href":"https:\/\/grappa.no\/no\/wp-json\/wp\/v2\/product_brand?post=508"},{"taxonomy":"product_cat","embeddable":true,"href":"https:\/\/grappa.no\/no\/wp-json\/wp\/v2\/product_cat?post=508"},{"taxonomy":"product_tag","embeddable":true,"href":"https:\/\/grappa.no\/no\/wp-json\/wp\/v2\/product_tag?post=508"}],"curies":[{"name":"wp","href":"https:\/\/api.w.org\/{rel}","templated":true}]}}