{"id":37449,"date":"2018-12-07T00:00:00","date_gmt":"2018-12-06T23:00:00","guid":{"rendered":"https:\/\/grappa.no\/no\/albums\/ukategorisert\/bonn-for-drommen\/"},"modified":"2020-01-27T09:34:08","modified_gmt":"2020-01-27T08:34:08","slug":"bonn-for-drommen","status":"publish","type":"product","link":"https:\/\/grappa.no\/no\/albums\/grappa\/bonn-for-drommen\/","title":{"rendered":"B\u00f8nn for dr\u00f8mmen"},"content":{"rendered":"<p><\/p>\n<p>Hans B\u00f8rli 100 \u00e5r.<\/p>\n<p>Dagen f\u00f8r det som ville v\u00e6rt 100-\u00e5rsdagen til den folkekj\u00e6re dikteren Hans B\u00f8rli, slippes albumet &quot;B\u00f8nn for dr\u00f8mmen&quot; p\u00e5 Grappa Musikkforlag 7. desember.<\/p>\n<p>For et par \u00e5r siden gikk mezzosopranen Marianne Bye Granheim og sopranen Maren Myrvold til Sigmund Groven med dikt av Hans B\u00f8rli som de \u00f8nsket at han skulle tonesette. &quot;B\u00f8nn for dr\u00f8mmen&quot; inneholder 12 sanger med tekster av Hans B\u00f8rli og musikk av Sigmund Groven, og i tillegg til komponisten selv p\u00e5 munnspill har de to sangerne med seg Aage KValbein p\u00e5 cello og Ivar Anton Waagaard p\u00e5 piano. Her er det b\u00e5de tidlige dikt med rim og rytme som innbyr til viseformatet, samt senere dikt i fri form som er gjennomkomponerte i en mer moderne musikalsk stil.<\/p>\n<p><!--more--><\/p>\n<p>Dagen f\u00f8r det som ville v\u00e6rt 100-\u00e5rsdagen til den folkekj\u00e6re dikteren Hans B\u00f8rli, slippes albumet &quot;B\u00f8nn for dr\u00f8mmen&quot; p\u00e5 Grappa Musikkforlag 7. desember.<\/p>\n<h4>B\u00f8nn for dr\u00f8mmen<\/h4>\n<p>&quot;B\u00f8nn for dr\u00f8mmen&quot; inneholder 12 sanger med tekster av Hans B\u00f8rli og musikk av Sigmund Groven, og i tillegg til komponisten selv p\u00e5 munnspill har de to sangerne med seg Aage KValbein p\u00e5 cello og Ivar Anton Waagaard p\u00e5 piano. Her er det b\u00e5de tidlige dikt med rim og rytme som innbyr til viseformatet, samt senere dikt i fri form som er gjennomkomponerte i en mer moderne musikalsk stil.<\/p>\n<h4>Slippkonsert p\u00e5 Nasjonalbiblioteket<\/h4>\n<p>Dagen etter slippet, 8. desember, blir det mulig \u00e5 oppleve ensemblet framf\u00f8re &quot;B\u00f8nn for dr\u00f8mmen&quot; live p\u00e5 Nasjonalbiblioteket i Oslo p\u00e5 det som ville v\u00e6rt Hans B\u00f8rlis 100-\u00e5rsdag.<\/p>\n<h4><\/h4>\n<\/p>\n<p><\/p>","protected":false},"excerpt":{"rendered":"<p>Nykomponert musikk av Sigmund Groven til dikt av Hans B\u00f8rli<\/p>\n","protected":false},"featured_media":37450,"comment_status":"closed","ping_status":"open","template":"","meta":[],"product_brand":[],"product_cat":[6],"product_tag":[],"class_list":{"0":"post-37449","1":"product","2":"type-product","3":"status-publish","4":"has-post-thumbnail","6":"product_cat-grappa","7":"product_shipping_class-cddvd-shipping","8":"uni_artist_tag-aage-kvalbein","9":"uni_artist_tag-ivar-anton-waagaard","10":"uni_artist_tag-maren-myrvold","11":"uni_artist_tag-marianne-bye-granheim","12":"uni_artist_tag-sigmund-groven","13":"uni_main_artist_tag-sigmund-groven","14":"uni_artist_genre-lieder","15":"uni_artist_genre-lyric-poetry","16":"uni_artist_genre-norwegian-lyrics","18":"first","19":"instock","20":"taxable","21":"shipping-taxable","22":"purchasable","23":"product-type-simple"},"_links":{"self":[{"href":"https:\/\/grappa.no\/no\/wp-json\/wp\/v2\/product\/37449","targetHints":{"allow":["GET"]}}],"collection":[{"href":"https:\/\/grappa.no\/no\/wp-json\/wp\/v2\/product"}],"about":[{"href":"https:\/\/grappa.no\/no\/wp-json\/wp\/v2\/types\/product"}],"replies":[{"embeddable":true,"href":"https:\/\/grappa.no\/no\/wp-json\/wp\/v2\/comments?post=37449"}],"wp:featuredmedia":[{"embeddable":true,"href":"https:\/\/grappa.no\/no\/wp-json\/wp\/v2\/media\/37450"}],"wp:attachment":[{"href":"https:\/\/grappa.no\/no\/wp-json\/wp\/v2\/media?parent=37449"}],"wp:term":[{"taxonomy":"product_brand","embeddable":true,"href":"https:\/\/grappa.no\/no\/wp-json\/wp\/v2\/product_brand?post=37449"},{"taxonomy":"product_cat","embeddable":true,"href":"https:\/\/grappa.no\/no\/wp-json\/wp\/v2\/product_cat?post=37449"},{"taxonomy":"product_tag","embeddable":true,"href":"https:\/\/grappa.no\/no\/wp-json\/wp\/v2\/product_tag?post=37449"}],"curies":[{"name":"wp","href":"https:\/\/api.w.org\/{rel}","templated":true}]}}