{"id":35096,"date":"2017-09-29T00:00:00","date_gmt":"2017-09-28T23:00:00","guid":{"rendered":"http:\/\/www.grappa.no\/albums\/uncategorized\/tore-renberg-ein-dag-te\/"},"modified":"2020-08-21T08:56:53","modified_gmt":"2020-08-21T07:56:53","slug":"ein-dag-te","status":"publish","type":"product","link":"https:\/\/grappa.no\/no\/albums\/grappa\/ein-dag-te\/","title":{"rendered":"Ein dag te"},"content":{"rendered":"<p><\/p>\n<p>Renberg med ny bok og plate nummer to.  Halvannet \u00e5r etter debuten &#8216;Ingen n\u00e5de&#8217;, og p\u00e5 samme dag som han slipper sin nye bok &#8216;Skada gods&#8217; (Forlaget Oktober) i serien om Hillev\u00e5gsgjengen, kommer Tore Renbergs andre album.&#8217;Ein dag te&#8217; byr p\u00e5 et knippe l\u00e5ter og tekster der fortellergleden er p\u00e5fallende, og der stort alvor og m\u00f8rke og det som bare er g\u00f8y og forn\u00f8yelig\u00a0setter hverandre i relieff. Der &#8216;Ingen n\u00e5de&#8217; var et skudd fra hoften, innspilt i l\u00f8pet av noen intense uker, har &#8216;Ein dag te&#8217; f\u00e5tt lenger tid p\u00e5 \u00e5 modnes, og det musikalske og tekstmessige spennet er enda st\u00f8rre. Renberg ser b\u00e5de fremover, bakover og innover denne gangen. Tittelsporet &#8216;Ein dag te&#8217; er produsert av Odd Nordstoga og\u00a0setter tonen for et album med et stort hjerte. I den andre enden m\u00f8ter vi &#8216;Thomas fra blokkene&#8217;, en m\u00f8rk, trist og rocka beretning om en mann som har g\u00e5tt til grunne.   Konserter: 29. september\tSting nere, Stavanger (utsolgt) 21. oktober\t\tChagall, Bergen 22. oktober\t\tTre Br\u00f8r Kaf\u00e9, Voss 26. oktober\t\tMung\u00e5t, Eigersund 27. oktober\t\tSpira Kulturhus, Flekkefjord 28. oktober\t\tLyngdal Kulturhus, Lyngdal 29. oktober\t\tBuen Kulturhus, Mandal 06. november\tLitteraturuka, Sarpsborg 16. november\tOgna Scene, Ogna 17. november\tNaustene, Bergsagel (utsolgt) 18. november\tNaustene, Bergsagel (ekstra) 22. november\tSandefjord Bibliotek, Sandefjord 23. november\tRygge Bibliotek, Rygge 29. november\tLitteraturhuset, Skien 07. desember\tTungenes Fyr, Randaberg 09. desember\tStavanger Konserthus, Kuppelhallen<\/p>\n<p><!--more--><\/p>\n<p>Halvannet \u00e5r etter debuten &#8216;Ingen n\u00e5de&#8217;, og p\u00e5 samme dag som han slipper sin nye bok &#8216;Skada gods&#8217; (Forlaget Oktober) i serien om Hillev\u00e5gsgjengen, kommer Tore Renbergs andre album. &#8216;Ein dag te&#8217; byr p\u00e5 et knippe l\u00e5ter og tekster der fortellergleden er p\u00e5fallende, og der stort alvor og m\u00f8rke og det som bare er g\u00f8y og forn\u00f8yelig\u00a0setter hverandre i relieff. \u00a0<\/p>\n<h4>Folk<\/h4>\n<p>Albumet er innspilt i Oslo Klang sammen med tekniker og produsent Bjarne Stensli. Gitarist Alexander Flotve er med fra forrige gang, men utenom det er alle musikerne som bidrar nye: Olav Christer Rosseb\u00f8, Erlend Viken, \u00d8ystein Frantzv\u00e5g, Gjermund Silset, Olaf Olsen, Erland Dahlen, Cato Thommasen, Morten Abel, Petra Renberg og Anne Lise Fr\u00f8kedal. Lydbildet er ogs\u00e5 ganske annerledes, luftigere, mer akustisk og folk-orientert enn p\u00e5 debuten.<\/p>\n<h4>Teksten f\u00f8rst<\/h4>\n<p>Det er alltid teksten som kommer f\u00f8rst for Renberg. B\u00e5de som forfatter og som tekstforfatter er Renberg en skribent som med stor selvtillit og energi strekker i uttrykket og tar sjanser. Ogs\u00e5 sangtekstene til Renberg skiller seg fra &#8216;standarden&#8217; og oppleves som friske, muntlige og med fraspark. \u00a0 Tittelsporet &#8216;Ein dag te&#8217; er produsert av Odd Nordstoga og\u00a0setter tonen for et album med et stort hjerte. I den andre enden m\u00f8ter vi \u201cThomas fra blokkene\u201d, en m\u00f8rk, trist og rocka beretning om en mann som har g\u00e5tt til grunne.   Konserter: 29. september\tSting nere, Stavanger (utsolgt) 21. oktober\t\tChagall, Bergen 22. oktober\t\tTre Br\u00f8r Kaf\u00e9, Voss 26. oktober\t\tMung\u00e5t, Eigersund 27. oktober\t\tSpira Kulturhus, Flekkefjord 28. oktober\t\tLyngdal Kulturhus, Lyngdal 29. oktober\t\tBuen Kulturhus, Mandal 06. november\t            Litteraturuka, Sarpsborg 16. november\t\tOgna Scene, Ogna 17. november\t\tNaustene, Bergsagel (utsolgt) 18. november\t\tNaustene, Bergsagel (ekstra) 22. november\t            Sandefjord Bibliotek, Sandefjord 23. november\t            Rygge Bibliotek, Rygge 29. november\t            Litteraturhuset, Skien 07. desember\t\tTungenes Fyr, Randaberg 09. desember\t\tStavanger Konserthus, Kuppelhallen<\/p>\n<h4><\/h4>\n<\/p>\n<p><\/p>","protected":false},"excerpt":{"rendered":"<p>&#8216;Ein dag te&#8217; byr p\u00e5 et knippe l\u00e5ter og tekster der fortellergleden er p\u00e5fallende, og der stort alvor og m\u00f8rke og det som bare er g\u00f8y og forn\u00f8yelig\u00a0setter hverandre i relieff.<\/p>\n","protected":false},"featured_media":35020,"comment_status":"closed","ping_status":"open","template":"","meta":[],"product_brand":[],"product_cat":[6],"product_tag":[],"class_list":{"0":"post-35096","1":"product","2":"type-product","3":"status-publish","4":"has-post-thumbnail","6":"product_cat-grappa","7":"product_shipping_class-cddvd-shipping","8":"uni_artist_tag-alexander-flotve","9":"uni_artist_tag-anne-lise-frokedal","10":"uni_artist_tag-bjarne-stensli","11":"uni_artist_tag-cato-thomassen","12":"uni_artist_tag-david-wallumrod","13":"uni_artist_tag-erland-dahlen","14":"uni_artist_tag-erlend-viken","15":"uni_artist_tag-gjermund-silset","16":"uni_artist_tag-morten-abel","17":"uni_artist_tag-odd-nordstoga","18":"uni_artist_tag-olaf-olsen","19":"uni_artist_tag-olav-christer-rossebo","20":"uni_artist_tag-oystein-frantzvag","21":"uni_artist_tag-petra-renberg","22":"uni_artist_tag-tor-martin-boe","23":"uni_artist_tag-tore-renberg","24":"uni_main_artist_tag-tore-renberg","25":"uni_artist_genre-norwegian-lyrics","26":"uni_artist_genre-pop","28":"first","29":"instock","30":"taxable","31":"shipping-taxable","32":"purchasable","33":"product-type-variable","34":"has-default-attributes"},"_links":{"self":[{"href":"https:\/\/grappa.no\/no\/wp-json\/wp\/v2\/product\/35096","targetHints":{"allow":["GET"]}}],"collection":[{"href":"https:\/\/grappa.no\/no\/wp-json\/wp\/v2\/product"}],"about":[{"href":"https:\/\/grappa.no\/no\/wp-json\/wp\/v2\/types\/product"}],"replies":[{"embeddable":true,"href":"https:\/\/grappa.no\/no\/wp-json\/wp\/v2\/comments?post=35096"}],"wp:featuredmedia":[{"embeddable":true,"href":"https:\/\/grappa.no\/no\/wp-json\/wp\/v2\/media\/35020"}],"wp:attachment":[{"href":"https:\/\/grappa.no\/no\/wp-json\/wp\/v2\/media?parent=35096"}],"wp:term":[{"taxonomy":"product_brand","embeddable":true,"href":"https:\/\/grappa.no\/no\/wp-json\/wp\/v2\/product_brand?post=35096"},{"taxonomy":"product_cat","embeddable":true,"href":"https:\/\/grappa.no\/no\/wp-json\/wp\/v2\/product_cat?post=35096"},{"taxonomy":"product_tag","embeddable":true,"href":"https:\/\/grappa.no\/no\/wp-json\/wp\/v2\/product_tag?post=35096"}],"curies":[{"name":"wp","href":"https:\/\/api.w.org\/{rel}","templated":true}]}}