{"id":33517,"date":"2017-04-28T00:00:00","date_gmt":"2017-04-27T23:00:00","guid":{"rendered":"http:\/\/www.grappa.no\/no\/albums\/ukategorisert\/dunya\/"},"modified":"2017-09-29T09:05:41","modified_gmt":"2017-09-29T08:05:41","slug":"dunya","status":"publish","type":"product","link":"https:\/\/grappa.no\/no\/albums\/heilo\/dunya\/","title":{"rendered":"Dunya"},"content":{"rendered":"<p><\/p>\n<p>De beste verdensmusikerne Oslo har \u00e5 by p\u00e5.<\/p>\n<p>ComboNations er en gruppe initiert og ledet av multiinstrumentalist Javid Afsari Rad, som ogs\u00e5 bidrar som komponist og arrang\u00f8r i dette ensemblet. Ideen bak prosjektet var \u00e5 samle de beste verdensmusikerne som er bosatt i Oslo. Javid kommer opprinnelig fra Iran, mens de andre musikerne i bandet har r\u00f8tter i India, Elfenbenskysten, Senegal og Marokko. Dette bandet er en manifestasjon p\u00e5 hvor rikt og multikulturelt Oslos musikkmilj\u00f8 er. Musikerne er virtuoser p\u00e5 sine instrumenter, ikke bare i norsk m\u00e5lestokk, men internasjonalt ogs\u00e5. De har bakgrunn fra helt forskjellige kulturer og musikktradisjoner, men sammen smelter de sammen og danner et nytt musikalsk uttrykk. Lekenhet og et \u00f8nske om \u00e5 bryte barrierer og grenser har v\u00e6rt drivkraften bak dette ensemblet. L\u00e5tene gj\u00f8r stadige krumspring og veksler i tempo og uttrykk. Det kan v\u00e6re vakkert og fengende i det ene \u00f8yeblikket \u2013 suggererende og hypnotisk i det neste. <\/p>\n<p>Releasekonsert 27. april p\u00e5 Riksscenen i Oslo.<\/p>\n<p><!--more--><\/p>\n<p>ComboNations er en gruppe initiert og ledet av multiinstrumentalist Javid Afsari Rad, som ogs\u00e5 bidrar som komponist og arrang\u00f8r i dette ensemblet. Ideen bak prosjektet var \u00e5 samle de beste verdensmusikerne som er bosatt i Oslo. 27. april er det releasekonsert p\u00e5 Riksscenen.<\/p>\n<h4>Den internasjonale musikkbyen Oslo<\/h4>\n<p>Dette bandet er en manifestasjon p\u00e5 hvor rikt og multikulturelt Oslos musikkmilj\u00f8 er.Musikerne er virtuoser p\u00e5 sine instrumenter, ikke bare i norsk m\u00e5lestokk, men internasjonalt ogs\u00e5. De har bakgrunn fra helt forskjellige kulturer og musikktradisjoner, men sammen smelter de sammen og danner et nytt musikalsk uttrykk. Lekenhet og et \u00f8nske om \u00e5 bryte barrierer og grenser har v\u00e6rt drivkraften bak dette ensemblet.<\/p>\n<h4>Grensesprengende musikk<\/h4>\n<p>Det er vanskelig \u00e5 n\u00f8yaktig kategorisere hva slags musikk ComboNations lager. Verdensmusikk kan bety s\u00e5 mangt, og er ikke n\u00f8dvendigvis en veldig presis merkelapp. De involverte musikerne er ikke bare fra forskjellige land og verdensdeler, men de bringer ogs\u00e5 med seg et voldsomt spenn av erfaringer og musikalsk utdanning. Summen av dette blir dermed en plate som l\u00e5ter internasjonalt, som inkorporerer folkemusikk fra hele verden, og som ikke minst demonstrerer de involverte musikernes ferdigheter.<\/p>\n<h4>Releasekonsert 27. april p\u00e5 Riksscenen i Oslo<\/h4>\n<p>L\u00e5tene gj\u00f8r stadige krumspring og veksler i tempo og uttrykk. Det kan v\u00e6re vakkert og fengende i det ene \u00f8yeblikket \u2013 suggererende og hypnotisk i det neste. Du kan h\u00f8re spor av jazz, norsk folkemusikk, \u00f8rkenblues, ragas \u2013 om du vil \u2013\u00a0det meste er \u00e5pent for tolkning, og er heller ikke avhengig av b\u00e5ssetting.<\/p>\n<p>Dunya er ComboNations\u2019 andre plate.<\/p>\n<p>Javid Afsari Rad \u2013 santur, musikalsk leder<br \/>\nSolo Cissokho \u2013 kora<br \/>\nHarpreet Bansal \u2013 fiolin<br \/>\nAissa Tobi \u2013 sintir, rabab<br \/>\nAdrian Fiskum Myhr \u2013 kontrabass<br \/>\nDiom de Kossa \u2013 perkusjon<br \/>\nJai Shankar \u2013 tablas<\/p>\n<p><\/p>","protected":false},"excerpt":{"rendered":"<p>Ideen bak prosjektet var \u00e5 samle de beste verdensmusikerne som er bosatt i Oslo.<\/p>\n","protected":false},"featured_media":33518,"comment_status":"closed","ping_status":"open","template":"","meta":[],"product_brand":[],"product_cat":[35],"product_tag":[],"class_list":{"0":"post-33517","1":"product","2":"type-product","3":"status-publish","4":"has-post-thumbnail","6":"product_cat-heilo","7":"product_shipping_class-cddvd-shipping","8":"uni_artist_tag-adrian-fiskum-myhr","9":"uni_artist_tag-aissa-tobi","10":"uni_artist_tag-combonations","11":"uni_artist_tag-diom-de-kossa","12":"uni_artist_tag-harpreet-bansal","13":"uni_artist_tag-jai-shankar","14":"uni_artist_tag-javid-afsari-rad","15":"uni_artist_tag-solo-cissokho","16":"uni_artist_tag-trad","17":"uni_main_artist_tag-combonations","18":"uni_artist_genre-folk-music","19":"uni_artist_genre-jazz","20":"uni_artist_genre-world-music","22":"first","23":"instock","24":"taxable","25":"shipping-taxable","26":"purchasable","27":"product-type-simple"},"_links":{"self":[{"href":"https:\/\/grappa.no\/no\/wp-json\/wp\/v2\/product\/33517","targetHints":{"allow":["GET"]}}],"collection":[{"href":"https:\/\/grappa.no\/no\/wp-json\/wp\/v2\/product"}],"about":[{"href":"https:\/\/grappa.no\/no\/wp-json\/wp\/v2\/types\/product"}],"replies":[{"embeddable":true,"href":"https:\/\/grappa.no\/no\/wp-json\/wp\/v2\/comments?post=33517"}],"wp:featuredmedia":[{"embeddable":true,"href":"https:\/\/grappa.no\/no\/wp-json\/wp\/v2\/media\/33518"}],"wp:attachment":[{"href":"https:\/\/grappa.no\/no\/wp-json\/wp\/v2\/media?parent=33517"}],"wp:term":[{"taxonomy":"product_brand","embeddable":true,"href":"https:\/\/grappa.no\/no\/wp-json\/wp\/v2\/product_brand?post=33517"},{"taxonomy":"product_cat","embeddable":true,"href":"https:\/\/grappa.no\/no\/wp-json\/wp\/v2\/product_cat?post=33517"},{"taxonomy":"product_tag","embeddable":true,"href":"https:\/\/grappa.no\/no\/wp-json\/wp\/v2\/product_tag?post=33517"}],"curies":[{"name":"wp","href":"https:\/\/api.w.org\/{rel}","templated":true}]}}