{"id":32894,"date":"1997-09-10T00:00:00","date_gmt":"1997-09-09T23:00:00","guid":{"rendered":"http:\/\/www.grappa.no\/no\/albums\/ukategorisert\/solefall\/"},"modified":"2018-10-12T06:21:37","modified_gmt":"2018-10-12T05:21:37","slug":"solefall","status":"publish","type":"product","link":"https:\/\/grappa.no\/no\/albums\/grappa\/solefall\/","title":{"rendered":"SOLEFALL"},"content":{"rendered":"<p><\/p>\n<p>Per Vollestad &#8211; Solefall<\/p>\n<p>Per Vollestad har gjort seg bemerket b\u00e5de i Norge og internasjonalt for sine utgivelser, konserter og operaroller. Han har studert ved Statens Operah\u00f8yskole, og ble den f\u00f8rste til \u00e5 bli uteksaminert med Ph.D fra Norges Musikkh\u00f8yskole i 2002.<\/p>\n<p>P\u00e5 platen &#8216;Solefall&#8217; tolker Vollestad b\u00e5de norske og europeiske folketoner arrangert for bariton, strykere, obo, harpe og orgel. Med seg har han supergruppen Cikada (Henrik Hannisdal, Odd Hannisdal, \u00c5shild Breie Nyhus, Marek Konstantynowicz, Morten Hannisdal og Magnus S\u00f6nderberg), Simon Emes, Maria Beattie og Bj\u00f8rn Andor Drage.<\/p>\n<p><!--more--><\/p>\n<h4><\/h4>\n<\/p>\n<h4><\/h4>\n<p><h4><\/h4>\n<\/p>\n<p><\/p>","protected":false},"excerpt":{"rendered":"<p>Per Vollestad synger b\u00e5de norske og europeiske folketoner arrangert for bariton, strykere, obo, harpe og orgel.<\/p>\n","protected":false},"featured_media":32897,"comment_status":"closed","ping_status":"open","template":"","meta":[],"product_brand":[],"product_cat":[6],"product_tag":[],"class_list":{"0":"post-32894","1":"product","2":"type-product","3":"status-publish","4":"has-post-thumbnail","6":"product_cat-grappa","7":"product_shipping_class-cddvd-shipping","8":"uni_artist_tag-ashild-breie-nyhus","9":"uni_artist_tag-bjorn-andor-drage","10":"uni_artist_tag-erik-gard-amundsen","11":"uni_artist_tag-henrik-hannisdal","12":"uni_artist_tag-magnus-sonderberg","13":"uni_artist_tag-marek-konstantinovich","14":"uni_artist_tag-maria-beattie","15":"uni_artist_tag-morten-hannisdal","16":"uni_artist_tag-odd-hannisdal","17":"uni_artist_tag-per-vollestad","18":"uni_artist_tag-simon-emes","19":"uni_main_artist_tag-per-vollestad","20":"uni_artist_genre-classical","21":"uni_artist_genre-folk-music","22":"uni_artist_genre-lyric-poetry","23":"uni_artist_genre-norwegian-lyrics","25":"first","26":"instock","27":"taxable","28":"shipping-taxable","29":"purchasable","30":"product-type-simple"},"_links":{"self":[{"href":"https:\/\/grappa.no\/no\/wp-json\/wp\/v2\/product\/32894","targetHints":{"allow":["GET"]}}],"collection":[{"href":"https:\/\/grappa.no\/no\/wp-json\/wp\/v2\/product"}],"about":[{"href":"https:\/\/grappa.no\/no\/wp-json\/wp\/v2\/types\/product"}],"replies":[{"embeddable":true,"href":"https:\/\/grappa.no\/no\/wp-json\/wp\/v2\/comments?post=32894"}],"wp:featuredmedia":[{"embeddable":true,"href":"https:\/\/grappa.no\/no\/wp-json\/wp\/v2\/media\/32897"}],"wp:attachment":[{"href":"https:\/\/grappa.no\/no\/wp-json\/wp\/v2\/media?parent=32894"}],"wp:term":[{"taxonomy":"product_brand","embeddable":true,"href":"https:\/\/grappa.no\/no\/wp-json\/wp\/v2\/product_brand?post=32894"},{"taxonomy":"product_cat","embeddable":true,"href":"https:\/\/grappa.no\/no\/wp-json\/wp\/v2\/product_cat?post=32894"},{"taxonomy":"product_tag","embeddable":true,"href":"https:\/\/grappa.no\/no\/wp-json\/wp\/v2\/product_tag?post=32894"}],"curies":[{"name":"wp","href":"https:\/\/api.w.org\/{rel}","templated":true}]}}