{"id":32381,"date":"2009-05-18T00:00:00","date_gmt":"2009-05-17T23:00:00","guid":{"rendered":"http:\/\/www.grappa.no\/no\/albums\/ukategorisert\/gratass-fest-pa-garden\/"},"modified":"2017-09-29T09:00:59","modified_gmt":"2017-09-29T08:00:59","slug":"gratass-fest-pa-garden","status":"publish","type":"product","link":"https:\/\/grappa.no\/no\/albums\/barne\/gratass-fest-pa-garden\/","title":{"rendered":"Gr\u00e5tass &#8211; Fest p\u00e5 g\u00e5rden"},"content":{"rendered":"<p><\/p>\n<p>Den lille traktoren Gr\u00e5tass &#8211; Helt ny historie<\/p>\n<p>&quot;Den lille traktoren Gr\u00e5tass&quot; har blitt stjerne p\u00e5 tv og kinolerret, men han har ogs\u00e5 gjort stor suksess p\u00e5 teaterscenen. I flere \u00e5r har Gr\u00e5tassbussen kj\u00f8rt land og strand rundt og gledet sm\u00e5 og store Gr\u00e5tassfans. CD-en inneholder historien basert p\u00e5 forestillingen, samt 6 sanger hvorav tre er helt nye. Nils Ole Oftebro er innleser. <\/p>\n<p>I den nye forestillingen er Goggen &quot;ulykkelig&quot; fordi han ikke har noen kone. Det har han nemlig sett p\u00e5 TV og lest i blader at man b\u00f8r ha, s\u00e6rlig hvis man er bonde. Gamlefar og Grynet gj\u00f8r sitt beste for \u00e5 muntre ham opp, men det er ikke s\u00e5 enkelt siden skraphandlerne fortsatt legger planer om \u00e5 stjele Gr\u00e5tass. Og som en del av planen vil de hjelpe Goggen og skaffe seg, nettopp, en kone. Gr\u00e5tass er den som etter hvert ser hva som er i ferd med \u00e5 skje, og han ordner som vanlig opp til det beste for alle p\u00e5 g\u00e5rden.<\/p>\n<p><!--more--><\/p>\n<h4><\/h4>\n<\/p>\n<h4><\/h4>\n<p><h4><\/h4>\n<\/p>\n<p><\/p>","protected":false},"excerpt":{"rendered":"<p>Nils Ole Oftebro er forteller p\u00e5 Den lille traktoren Gr\u00e5tass &#8211; Fest p\u00e5 g\u00e5rden.<\/p>\n","protected":false},"featured_media":32387,"comment_status":"closed","ping_status":"open","template":"","meta":[],"product_brand":[],"product_cat":[15],"product_tag":[],"class_list":{"0":"post-32381","1":"product","2":"type-product","3":"status-publish","4":"has-post-thumbnail","6":"product_cat-barne","7":"product_shipping_class-none","8":"uni_artist_tag-nils-ole-oftebro","9":"uni_artist_tag-svein-dag-hauge","10":"uni_artist_tag-svein-gundersen","11":"uni_artist_genre-children","12":"uni_artist_genre-norwegian-lyrics","14":"first","15":"outofstock","16":"taxable","17":"shipping-taxable","18":"product-type-simple"},"_links":{"self":[{"href":"https:\/\/grappa.no\/no\/wp-json\/wp\/v2\/product\/32381","targetHints":{"allow":["GET"]}}],"collection":[{"href":"https:\/\/grappa.no\/no\/wp-json\/wp\/v2\/product"}],"about":[{"href":"https:\/\/grappa.no\/no\/wp-json\/wp\/v2\/types\/product"}],"replies":[{"embeddable":true,"href":"https:\/\/grappa.no\/no\/wp-json\/wp\/v2\/comments?post=32381"}],"wp:featuredmedia":[{"embeddable":true,"href":"https:\/\/grappa.no\/no\/wp-json\/wp\/v2\/media\/32387"}],"wp:attachment":[{"href":"https:\/\/grappa.no\/no\/wp-json\/wp\/v2\/media?parent=32381"}],"wp:term":[{"taxonomy":"product_brand","embeddable":true,"href":"https:\/\/grappa.no\/no\/wp-json\/wp\/v2\/product_brand?post=32381"},{"taxonomy":"product_cat","embeddable":true,"href":"https:\/\/grappa.no\/no\/wp-json\/wp\/v2\/product_cat?post=32381"},{"taxonomy":"product_tag","embeddable":true,"href":"https:\/\/grappa.no\/no\/wp-json\/wp\/v2\/product_tag?post=32381"}],"curies":[{"name":"wp","href":"https:\/\/api.w.org\/{rel}","templated":true}]}}