{"id":31716,"date":"2006-09-04T00:00:00","date_gmt":"2006-09-03T23:00:00","guid":{"rendered":"http:\/\/www.grappa.no\/no\/albums\/ukategorisert\/hvis-jeg-kunne-fly\/"},"modified":"2016-12-05T14:18:16","modified_gmt":"2016-12-05T13:18:16","slug":"hvis-jeg-kunne-fly","status":"publish","type":"product","link":"https:\/\/grappa.no\/no\/albums\/barne\/hvis-jeg-kunne-fly\/","title":{"rendered":"HVIS JEG KUNNE FLY"},"content":{"rendered":"<p><\/p>\n<p>Til tr\u00f8st for barn i sorg<\/p>\n<p>CD til tr\u00f8st for barn i sorg. Barn som p\u00e5r\u00f8rende er ofte en oversett gruppe som lett blir tilsidesatt n\u00e5r en i familien blir alvorlig syk. De voksne har sjelden tid til \u00e5 sette seg ned og svare p\u00e5 alt barna lurer p\u00e5, enten det handler om liv og d\u00f8d, eller mangel p\u00e5 oppmerksomhet. I Helse-Norge ser man endelig en \u00f8kende satsing p\u00e5 barn som p\u00e5r\u00f8rende. Kreftforeningen har derfor ogs\u00e5 st\u00f8ttet utgivelsen \u00f8konomisk. Musikken skal gj\u00f8re godt n\u00e5r livssituasjonen endres, uten \u00e5 virke deprimerende. P\u00e5 denne platen har man derfor gitt et alvorlig tema et oppmuntrende l\u00f8ft, noe som har v\u00e6rt sv\u00e6rt etterspurt av helsepersonell som ofte ser sykdom ogs\u00e5 fra s\u00f8skens perspektiv. Mange sterke navn har medvirket i dette kvalitetsprosjektet. Lars Lillo-Stenberg, Hanne Krogh, Trine Rein, Maj-Britt Andersen, Amund Enger, Solveig Leithaug Henderson og s\u00f8strene Hildegunn og Ingelin Garnes Reigstad har alle bidratt med kjente og ukjente musikalske perler. CD-en inneholder ogs\u00e5 fortellende innslag, der kreftsykepleier og initiativtaker Lise Juul-Hansen snakker om det \u00e5 v\u00e6re ensom i en vanskelig tid.<\/p>\n<p><!--more--><\/p>\n<h4><\/h4>\n<\/p>\n<h4><\/h4>\n<p><h4><\/h4>\n<\/p>\n<p><\/p>","protected":false},"excerpt":{"rendered":"<p>Musikk til tr\u00f8st for barn i sorg, fremf\u00f8rt av Lars Lillo-Stenberg, Hanne Krogh, Trine Rein, Maj-Britt Andersen, Amund Enger, Solveig Leithaug Henderson og s\u00f8strene Hildegunn og Ingelin Garnes Reigstad.<\/p>\n","protected":false},"featured_media":31724,"comment_status":"closed","ping_status":"open","template":"","meta":[],"product_brand":[],"product_cat":[15],"product_tag":[],"class_list":{"0":"post-31716","1":"product","2":"type-product","3":"status-publish","4":"has-post-thumbnail","6":"product_cat-barne","7":"product_shipping_class-cddvd-shipping","8":"uni_artist_tag-alf-proysen","9":"uni_artist_tag-amund-enger","10":"uni_artist_tag-arild-stav","11":"uni_artist_tag-bjorn-kjellemyr","12":"uni_artist_tag-geir-holmsen","13":"uni_artist_tag-hanne-krogh","14":"uni_artist_tag-hildegunn-garnes-reigstad","15":"uni_artist_tag-joakim-nordin","16":"uni_artist_tag-lars-lillo-stenberg","17":"uni_artist_tag-maj-britt-andersen","18":"uni_artist_tag-mats-egil-gronner","19":"uni_artist_tag-nils-ferlin","20":"uni_artist_tag-paolo-vinaccia","21":"uni_artist_tag-stein-inge-braekhus","22":"uni_artist_tag-steinar-larsen","23":"uni_artist_tag-torjus-vierli","24":"uni_artist_tag-trad","25":"uni_artist_tag-trine-rein","26":"uni_artist_tag-truls-mork","27":"uni_artist_genre-children","28":"uni_artist_genre-norwegian-lyrics","30":"first","31":"outofstock","32":"taxable","33":"shipping-taxable","34":"purchasable","35":"product-type-simple"},"_links":{"self":[{"href":"https:\/\/grappa.no\/no\/wp-json\/wp\/v2\/product\/31716","targetHints":{"allow":["GET"]}}],"collection":[{"href":"https:\/\/grappa.no\/no\/wp-json\/wp\/v2\/product"}],"about":[{"href":"https:\/\/grappa.no\/no\/wp-json\/wp\/v2\/types\/product"}],"replies":[{"embeddable":true,"href":"https:\/\/grappa.no\/no\/wp-json\/wp\/v2\/comments?post=31716"}],"wp:featuredmedia":[{"embeddable":true,"href":"https:\/\/grappa.no\/no\/wp-json\/wp\/v2\/media\/31724"}],"wp:attachment":[{"href":"https:\/\/grappa.no\/no\/wp-json\/wp\/v2\/media?parent=31716"}],"wp:term":[{"taxonomy":"product_brand","embeddable":true,"href":"https:\/\/grappa.no\/no\/wp-json\/wp\/v2\/product_brand?post=31716"},{"taxonomy":"product_cat","embeddable":true,"href":"https:\/\/grappa.no\/no\/wp-json\/wp\/v2\/product_cat?post=31716"},{"taxonomy":"product_tag","embeddable":true,"href":"https:\/\/grappa.no\/no\/wp-json\/wp\/v2\/product_tag?post=31716"}],"curies":[{"name":"wp","href":"https:\/\/api.w.org\/{rel}","templated":true}]}}