{"id":30766,"date":"1995-08-25T00:00:00","date_gmt":"1995-08-24T23:00:00","guid":{"rendered":"http:\/\/www.grappa.no\/no\/albums\/ukategorisert\/are\/"},"modified":"2019-08-20T15:12:03","modified_gmt":"2019-08-20T14:12:03","slug":"are","status":"publish","type":"product","link":"https:\/\/grappa.no\/no\/albums\/grappa\/are\/","title":{"rendered":"\u00c5RE"},"content":{"rendered":"<p><\/p>\n<p>Spellemannsnominert oppf\u00f8lger<\/p>\n<p>\u00c5RE er Bukkene Bruses andre utgivelse og fikk i likhet med debutalbumet Bukkene Bruse h\u00f8ye terningkast og rosende omtaler. \u00c5RE ble dessuten nominert til Spellemannprisen i kategorien Folkemusikk\/Gammaldans.<\/p>\n<p>Bukkene Bruse ble raskt kjent som en av de viktigste formidlerne av norsk folkemusikk da de ga ut debutalbumet. Med \u00c5re videref\u00f8rer de dette arbeidet og har hentet frem b\u00e5de kjente og mindre kjente l\u00e5ter fra ulike tider. Her finner vi toner med r\u00f8tter helt tilbake til 1100-tallet, slik som \u201dNorafj\u00f8lls\u201d og \u201dBendik og \u00c5rolilja\u201d der Annbj\u00f8rg Liens og Steinar Ofsdals instrumentale bidrag ledes av Arve Moen Bergsets nydelige kveding. Ogs\u00e5 religi\u00f8se toner har f\u00e5tt plass, slik som \u201dSyng i stille morgonstunder\u201d med tekst av Elias Blix. I tillegg er to tradisjonelle irske l\u00e5ter er med: \u201dThe Fair Haired Child\u201d og \u201dThe Foggy Dew\u201d som begge er nydelig fremf\u00f8rt og som viser slektskapet mellom norske og irske folketoner.<\/p>\n<p>I tillegg til det tradisjonelle materialet finner vi nyere l\u00e5ter, deriblant Ofsdals olje-halling \u201dTordis\u201d, Eivind Grovens \u201dHalling-Jor\u00e5nn\u201d og \u201dH\u00f8stkveld\u201d som er komponert av jazzperkusjonist Egil \u201dBop\u201d Johansen. Repertoaret viser variasjonen i den norske folkemusikkens ulike stiler og uttrykk og de tre ut\u00f8verne henter s\u00e6regenheter fra deres forskjellige regionale bakgrunner.<\/p>\n<p>De aller fleste l\u00e5tene har tangentbidrag fra Bj\u00f8rn Ole Rasch eller K\u00e5re Nordstoga, noe som f\u00f8rer til en modernisering av uttrykket. Denne moderniseringen gj\u00f8r imidlertid ikke \u00c5RE til en lettvekter av en folkemusikkplate: her er det sterkt fokus p\u00e5 tradisjoner og det elektroniske bidraget finner sin naturlige plass i lydbildet.<\/p>\n<p>Bukkene Bruses andre album er vart og vakkert, vilt og frodig. Samspillet er drivende godt og arrangementene er friske og originale. Samklangen av flere instrumenter, slik som fele og munnharpe, gir utgivelsen s\u00e6rpreg og skiller seg fra mer typiske og solistiske folkemusikkutgivelser. CD-heftet gir kort bakgrunnsinformasjon om hver av l\u00e5tene og fordyper b\u00e5de forst\u00e5elsen og gleden av de utvalgte l\u00e5tene. \u00c5re kan sees som en miniatyrinnf\u00f8ring i den norske folkemusikalske kulturarven og er en flott innfallsport for videre utforskning av genren.<\/p>\n<p><!--more--><\/p>\n<p>Bukkene Bruse: ambassad\u00f8rer for norsk folkemusikk<\/p>\n<h4>Sterk oppf\u00f8lger<\/h4>\n<p>\u00c5re inneholder s\u00e5vel tradisjonsstoff som eget, nyskrevet materiale; vart og vakkert, vilt og voldsomt! Linjene trekkes videre fra den f\u00f8rste platen, men plate to gjenspeiler den musikalske utvikling de tre har gjennomg\u00e5tt. P\u00e5 \u00c5RE finnes toner med r\u00f8tter tilbake til 1100-tallet, slik som \u201cNorafj\u00f8lls\u201d etter mesterspelemannen Torleiv H. Bj\u00f8rgum og \u201cBendik og \u00c5rolilja\u201d &#8211; den Kostelige Perle (M.B. Landstad). Men ogs\u00e5 nykomponert musikk som \u201cTordis\u201d og \u201cH\u00f8stkveld\u201d. Tangentspiller Bj\u00f8rn Ole Rasch og organist K\u00e5re Nordstoga er med p\u00e5 laget, og under lydmann Ingar Helgesens kyndige h\u00e5nd har det blitt musikk som n\u00e6rmest spruter ut av h\u00f8yttalerne.<\/p>\n<h4>Folkemusikk til folket!<\/h4>\n<p>I de siste \u00e5rene har mye skjedd for de omflakkende musikerne. \u00c5ret f\u00f8r OL p\u00e5 Lillehammer reiste de rundt i tre verdensdeler sammen med de andre OL-musikerne, under vinterlekene spilte de s\u00e5 harpiksen skvatt p\u00e5 Lillehammer og sist h\u00f8st representerte de Norge under Godals offisielle bes\u00f8k i Kina. De har opptr\u00e5dt for lek og l\u00e6rd, h\u00f8y og lav, og har til gangs levd opp til sitt \u00f8nske om \u00e5 bringe folkemusikken dit folket er. De tre er ogs\u00e5 aktive ut\u00f8vere p\u00e5 hvert sitt hold. Trioen har eksistert siden 1989. Den f\u00f8rste plata kom i 1993.<\/p>\n<h4><\/h4>\n<\/p>\n<p><\/p>","protected":false},"excerpt":{"rendered":"<p>\u2013 En rein fest \u00e5 lytte til! [Arild R\u00f8nsen \/ Puls]<\/p>\n","protected":false},"featured_media":30770,"comment_status":"closed","ping_status":"open","template":"","meta":[],"product_brand":[],"product_cat":[6],"product_tag":[],"class_list":{"0":"post-30766","1":"product","2":"type-product","3":"status-publish","4":"has-post-thumbnail","6":"product_cat-grappa","7":"product_shipping_class-cddvd-shipping","8":"uni_artist_tag-bjorn-ole-rasch","9":"uni_artist_tag-bukkene-bruse","10":"uni_artist_tag-egil-johansen","11":"uni_artist_tag-eivind-groven","12":"uni_artist_tag-ingvar-bohn","13":"uni_artist_tag-kare-nordstoga","14":"uni_artist_tag-steinar-ofsdal","15":"uni_artist_tag-trad","16":"uni_main_artist_tag-bukkene-bruse","17":"uni_artist_genre-folk-music","18":"uni_artist_genre-traditional","20":"first","21":"instock","22":"taxable","23":"shipping-taxable","24":"purchasable","25":"product-type-simple"},"_links":{"self":[{"href":"https:\/\/grappa.no\/no\/wp-json\/wp\/v2\/product\/30766","targetHints":{"allow":["GET"]}}],"collection":[{"href":"https:\/\/grappa.no\/no\/wp-json\/wp\/v2\/product"}],"about":[{"href":"https:\/\/grappa.no\/no\/wp-json\/wp\/v2\/types\/product"}],"replies":[{"embeddable":true,"href":"https:\/\/grappa.no\/no\/wp-json\/wp\/v2\/comments?post=30766"}],"wp:featuredmedia":[{"embeddable":true,"href":"https:\/\/grappa.no\/no\/wp-json\/wp\/v2\/media\/30770"}],"wp:attachment":[{"href":"https:\/\/grappa.no\/no\/wp-json\/wp\/v2\/media?parent=30766"}],"wp:term":[{"taxonomy":"product_brand","embeddable":true,"href":"https:\/\/grappa.no\/no\/wp-json\/wp\/v2\/product_brand?post=30766"},{"taxonomy":"product_cat","embeddable":true,"href":"https:\/\/grappa.no\/no\/wp-json\/wp\/v2\/product_cat?post=30766"},{"taxonomy":"product_tag","embeddable":true,"href":"https:\/\/grappa.no\/no\/wp-json\/wp\/v2\/product_tag?post=30766"}],"curies":[{"name":"wp","href":"https:\/\/api.w.org\/{rel}","templated":true}]}}