{"id":30686,"date":"1993-05-01T00:00:00","date_gmt":"1993-04-30T23:00:00","guid":{"rendered":"http:\/\/www.grappa.no\/no\/albums\/ukategorisert\/jean-philippe-rameau-pieces-de-clavecin-en-concerts\/"},"modified":"2019-02-22T15:38:40","modified_gmt":"2019-02-22T14:38:40","slug":"jean-philippe-rameau-pieces-de-clavecin-en-concerts","status":"publish","type":"product","link":"https:\/\/grappa.no\/no\/albums\/simax-classics\/jean-philippe-rameau-pieces-de-clavecin-en-concerts\/","title":{"rendered":"Jean Philippe Rameau: Pi\u00e8ces de clavecin en concerts"},"content":{"rendered":"<p><\/p>\n<p>En berikelse av tradisjon<\/p>\n<p>Fiolinist Catherine Mackintosh, en sin generasjons f\u00f8rste til \u00e5 spesialisere seg innen tidlige stryketeknikker, gambist og cellist Laurence Dreyfus, en spesialist innen 1700-tallets fremf\u00f8ringspraksis, og den prisvinnende cembalisten Ketil Haugsand fremf\u00f8rer her det ekstraordin\u00e6re verket \u201dPi\u00e8ces de Clavecin en concerts\u201d av Jean-Philippe Rameau. <\/p>\n<p>Rameaus \u201dPi\u00e8ces\u201d b\u00f8r h\u00f8res som en berikelse av den eldre generasjonen franske cembalisters tradisjon, med den betydelig forskjellen at Rameau ikke bare utvider rammene gjennom skapelsen av nye melodiske uttrykk, men ogs\u00e5 plasserer vekt p\u00e5 fremstillingen av polert konversasjon og kurtisering. Det b\u00f8r huskes at Rameau ikke bare var en av Frankrikes ledende komponister, men ogs\u00e5 Europas fremste musikkteoretiker. Den kraftfulle harmoniske retningen som tas i \u201dPi\u00e8ces\u201d bekrefter b\u00e5de hans superbe kontroll over det harmoniske spr\u00e5ket og hans utnyttelse av hans \u201dfundamentale bass\u201d som et verkt\u00f8y for \u00e5 oppdage nye og fengslende progresjoner.<\/p>\n<p><!--more--><\/p>\n<h4><\/h4>\n<\/p>\n<h4><\/h4>\n<p><h4><\/h4>\n<\/p>\n<p><\/p>","protected":false},"excerpt":{"rendered":"<p>Rameaus &quot;Pi\u00e8ces de Clavecin en concerts&quot; kommer i kontakt med et komplekst sett med emosjonelle tilstander.<\/p>\n","protected":false},"featured_media":30691,"comment_status":"closed","ping_status":"open","template":"","meta":[],"product_brand":[],"product_cat":[180],"product_tag":[],"class_list":{"0":"post-30686","1":"product","2":"type-product","3":"status-publish","4":"has-post-thumbnail","6":"product_cat-simax-classics","7":"product_shipping_class-cddvd-shipping","8":"uni_artist_tag-arne-akselberg","9":"uni_artist_tag-catherine-mackintosh","10":"uni_artist_tag-jean-philippe-rameau","11":"uni_artist_tag-ketil-haugsand","12":"uni_artist_tag-laurence-dreyfus","13":"uni_main_artist_tag-ketil-haugsand","14":"uni_artist_genre-chamber-music","15":"uni_artist_genre-early-music","17":"first","18":"instock","19":"taxable","20":"shipping-taxable","21":"purchasable","22":"product-type-simple"},"_links":{"self":[{"href":"https:\/\/grappa.no\/no\/wp-json\/wp\/v2\/product\/30686","targetHints":{"allow":["GET"]}}],"collection":[{"href":"https:\/\/grappa.no\/no\/wp-json\/wp\/v2\/product"}],"about":[{"href":"https:\/\/grappa.no\/no\/wp-json\/wp\/v2\/types\/product"}],"replies":[{"embeddable":true,"href":"https:\/\/grappa.no\/no\/wp-json\/wp\/v2\/comments?post=30686"}],"wp:featuredmedia":[{"embeddable":true,"href":"https:\/\/grappa.no\/no\/wp-json\/wp\/v2\/media\/30691"}],"wp:attachment":[{"href":"https:\/\/grappa.no\/no\/wp-json\/wp\/v2\/media?parent=30686"}],"wp:term":[{"taxonomy":"product_brand","embeddable":true,"href":"https:\/\/grappa.no\/no\/wp-json\/wp\/v2\/product_brand?post=30686"},{"taxonomy":"product_cat","embeddable":true,"href":"https:\/\/grappa.no\/no\/wp-json\/wp\/v2\/product_cat?post=30686"},{"taxonomy":"product_tag","embeddable":true,"href":"https:\/\/grappa.no\/no\/wp-json\/wp\/v2\/product_tag?post=30686"}],"curies":[{"name":"wp","href":"https:\/\/api.w.org\/{rel}","templated":true}]}}