{"id":17557,"date":"2006-02-06T00:00:00","date_gmt":"2006-02-05T23:00:00","guid":{"rendered":"http:\/\/www.grappa.no\/no\/albums\/ukategorisert\/brahms-complete-chamber-music-for-clarinet-3\/"},"modified":"2019-02-22T15:57:51","modified_gmt":"2019-02-22T14:57:51","slug":"brahms-complete-chamber-music-for-clarinet","status":"publish","type":"product","link":"https:\/\/grappa.no\/no\/albums\/simax-classics\/brahms-complete-chamber-music-for-clarinet\/","title":{"rendered":"Brahms Complete Chamber Music for Clarinet"},"content":{"rendered":"<p><\/p>\n<p>Inderlig Brahms fra Br\u00e6in<\/p>\n<p>Aimez-vous Brahms? For alle oss som kan svare positivt p\u00e5 dette sp\u00f8rsm\u00e5let er det en stor glede at v\u00e5r egen legendariske klarinettist Hans Christian Br\u00e6in omsider har latt seg overtale til \u00e5 spille inn en solo-plate. For varmere Brahms-tolker en dette skal man lete lenge etter. F\u00f8rst sent i livet fikk Brahms \u00f8ynene opp for klarinettens kvaliteter. Som s\u00e5 ofte tilfellet er var det en helt spesiell ut\u00f8ver som inspirerte komponisten til \u00e5 utvide sitt instrumentale arsenal, lenge etter at han strengt tatt hadde lagt vekk notepennen. Br\u00e6ins dyptf\u00f8lte omtanke for hvordan musikken utformes speiles ogs\u00e5 i den uts\u00f8kte gruppen musikere han har f\u00e5tt med seg p\u00e5 denne solo-debuten. De to store sonatene gj\u00f8r han sammen med H\u00e5vard Gimse, og Bj\u00f8rg V\u00e6rnes fra Vertavo bidrar til trioen.<\/p>\n<p><!--more--><\/p>\n<p>Aimez-vous Brahms? For alle oss som kan svare positivt p\u00e5 dette sp\u00f8rsm\u00e5let er det en stor glede at v\u00e5r egen legendariske klarinettist Hans Christian Br\u00e6in omsider har latt seg overtale til \u00e5 spille inn en solo-plate. For varmere Brahms-tolker en dette skal man lete lenge etter.<\/p>\n<h4>Brahms i livets h\u00f8st<\/h4>\n<p>F\u00f8rst sent i livet fikk Brahms \u00f8ynene opp for klarinettens kvaliteter. Som s\u00e5 ofte tilfellet er var det en helt spesiell ut\u00f8ver som inspirerte komponisten til \u00e5 utvide sitt instrumentale arsenal, lenge etter at han strengt tatt hadde lagt vekk notepennen. \u00a0Og kvaliteten p\u00e5 klarinettisten Richard M\u00fchlfelds spill m\u00e5 virkelig ha v\u00e6rt h\u00f8y: ikke bare er disse fire verkene blant det ypperste repertoaret for instrumentet, de er ogs\u00e5 den reneste manifestasjon av Brahms musikalske geni innen kammermusikken.<\/p>\n<h4>Medspillere av f\u00f8rste klasse<\/h4>\n<p>Br\u00e6ins dyptf\u00f8lte omtanke for hvordan musikken utformes speiles ogs\u00e5 i den uts\u00f8kte gruppen musikere han har f\u00e5tt med seg p\u00e5 denne solo-debuten. De to store sonatene gj\u00f8r han sammen med H\u00e5vard Gimse, og Bj\u00f8rg V\u00e6rnes fra Vertavo bidrar til trioen. Den fantastiske klarinettkvintetten ledes av konsertmesteren i Kringkastingsorkesteret, Atle Sponberg.<\/p>\n<p>13. februar  kl. 11.15 lanseres utgivelsen i Levinsalen, Norges musikkh\u00f8gskole. Hans Christian Br\u00e6in og H\u00e5vard Gimse fremf\u00f8rer utdrag fra platen. Det blir enkel servering.<\/p>\n<h4><\/h4>\n<\/p>\n<p><\/p>","protected":false},"excerpt":{"rendered":"<p>Br\u00e6ins dyptf\u00f8lte omtanke for hvordan musikken utformes speiles ogs\u00e5 i den uts\u00f8kte gruppen musikere han har f\u00e5tt med seg p\u00e5 denne solo-debuten.<\/p>\n","protected":false},"featured_media":27645,"comment_status":"closed","ping_status":"open","template":"","meta":[],"product_brand":[],"product_cat":[180],"product_tag":[],"class_list":{"0":"post-17557","1":"product","2":"type-product","3":"status-publish","4":"has-post-thumbnail","6":"product_cat-simax-classics","7":"product_shipping_class-cddvd-shipping","8":"uni_artist_tag-anne-britt-saevig-ardal","9":"uni_artist_tag-atle-sponberg","10":"uni_artist_tag-bjorg-vaernes-lewis","11":"uni_artist_tag-hans-christian-braein","12":"uni_artist_tag-havard-gimse","13":"uni_artist_tag-johannes-brahms","14":"uni_artist_tag-jorn-pedersen","15":"uni_artist_tag-nora-taksdal-viken","16":"uni_artist_tag-per-kristian-skalstad","17":"uni_main_artist_tag-hans-christian-braein","18":"uni_artist_genre-chamber-music","19":"uni_artist_genre-complete","21":"first","22":"instock","23":"taxable","24":"shipping-taxable","25":"purchasable","26":"product-type-simple"},"_links":{"self":[{"href":"https:\/\/grappa.no\/no\/wp-json\/wp\/v2\/product\/17557","targetHints":{"allow":["GET"]}}],"collection":[{"href":"https:\/\/grappa.no\/no\/wp-json\/wp\/v2\/product"}],"about":[{"href":"https:\/\/grappa.no\/no\/wp-json\/wp\/v2\/types\/product"}],"replies":[{"embeddable":true,"href":"https:\/\/grappa.no\/no\/wp-json\/wp\/v2\/comments?post=17557"}],"wp:featuredmedia":[{"embeddable":true,"href":"https:\/\/grappa.no\/no\/wp-json\/wp\/v2\/media\/27645"}],"wp:attachment":[{"href":"https:\/\/grappa.no\/no\/wp-json\/wp\/v2\/media?parent=17557"}],"wp:term":[{"taxonomy":"product_brand","embeddable":true,"href":"https:\/\/grappa.no\/no\/wp-json\/wp\/v2\/product_brand?post=17557"},{"taxonomy":"product_cat","embeddable":true,"href":"https:\/\/grappa.no\/no\/wp-json\/wp\/v2\/product_cat?post=17557"},{"taxonomy":"product_tag","embeddable":true,"href":"https:\/\/grappa.no\/no\/wp-json\/wp\/v2\/product_tag?post=17557"}],"curies":[{"name":"wp","href":"https:\/\/api.w.org\/{rel}","templated":true}]}}