{"id":1134,"date":"2014-11-07T00:00:00","date_gmt":"2014-11-06T23:00:00","guid":{"rendered":"http:\/\/www.grappa.no\/albums\/uncategorized\/lyden-av-proysen\/"},"modified":"2018-08-23T07:18:21","modified_gmt":"2018-08-23T06:18:21","slug":"lyden-av-proysen","status":"publish","type":"product","link":"https:\/\/grappa.no\/no\/albums\/grappa\/lyden-av-proysen\/","title":{"rendered":"Lyden av Pr\u00f8ysen"},"content":{"rendered":"<p><\/p>\n<p>Lyden av Pr\u00f8ysen<\/p>\n<p>At Hedmark er representert med jazzmusikere i b\u00e5de nasjonal- og internasjonal elite har blitt demonstrert ofte de siste \u00e5ra. Det Helge Lien og Sigurd Hole presterte sammen med sitt stjernelag av kollegaer under Festspillene i Elverum markerte enn\u00e5 en gang at lyden av Pr\u00f8ysen ogs\u00e5 er lyden av samtida. N\u00e5 kommer verket p\u00e5 plate. Foruten Lien og Hole, medvirker ogs\u00e5 blant annet Frida \u00c5nnevik, Kim Andr\u00e9 Rysstad og J\u00f8rn Simen \u00d8verli \u2013 for \u00e5 nevne noen &#8211;  p\u00e5 denne liveinnspillingen. Evig aktuelle tekster i nytegnet jazzlandskap.<\/p>\n<p><!--more--><\/p>\n<p>Lyden av Pr\u00f8ysen<\/p>\n<h4>Bestillingsverk<\/h4>\n<p>Lyden av Pr\u00f8ysen er et bestillingsverk av stiftelsen Musikk i Hedmark i forbindelse med Pr\u00f8ysen2014. Pianisten Helge Lien (Moelv) og bassisten Sigurd Hole (Rendalen) har skrevet musikk for i alt 14 jazzmusikere fra Innlandet. Verket ble urframf\u00f8rt i Hamar kulturhus under Festspillene i Elverum 2014.<br \/>\n\u00abLyden av Pr\u00f8ysen h\u00f8stet str\u00e5lende kritikker i pressen. Hele produksjonen ble dokumentert, med intervjuer og opptak av lyd og bilde. Dette har resultert i et TV-program som sendes p\u00e5 NRK rundt juletider.\u00bb<\/p>\n<h4>Medvirkende<\/h4>\n<p>Foruten Helge Lien og Sigurd Hole medvirker Knut Aalefj\u00e6r (slagverk), Birger Mistereggen (slagverk), Frida \u00c5nnevik (vokal), Kim Andr\u00e9 Rysstad (sang), J\u00f8rn Simen \u00d8verli (sang\/gitar), Hallgrim Bratberg (gitar), Rolf Erik Nystr\u00f8m (saksofoner), H\u00e5vard Lund (bassklarinett), Bjarne Magnus Jensen (fiolin), Ida Kristine Hansen (fiolin), Anders Nilsson (bratsj), Audun Sandvik (cello), Zakarias Meyer \u00d8verli,\u00a0og Asle Karstad (lyd), Torbj\u00f8rn B\u00e6kkevold (prosjektleder), Jan Roger Sletta (produsent), Elisabeth Nord (produsent).<br \/>\nKonsertene ble arrangert i samarbeid med Festspillene i Elverum.<\/p>\n<h4><\/h4>\n<\/p>\n<p><\/p>","protected":false},"excerpt":{"rendered":"<p>Evig aktuelle tekster i nytegnet jazzlandskap<\/p>\n","protected":false},"featured_media":28628,"comment_status":"closed","ping_status":"open","template":"","meta":[],"product_brand":[],"product_cat":[6],"product_tag":[],"class_list":{"0":"post-1134","1":"product","2":"type-product","3":"status-publish","4":"has-post-thumbnail","6":"product_cat-grappa","7":"product_shipping_class-cddvd-shipping","8":"uni_artist_tag-alf-cranner","9":"uni_artist_tag-anders-nilsson","10":"uni_artist_tag-audun-sandvik","11":"uni_artist_tag-birger-mistereggen","12":"uni_artist_tag-bjarne-magnus-jensen","13":"uni_artist_tag-egil-monn-iversen","14":"uni_artist_tag-frida-annevik","15":"uni_artist_tag-hallgrim-bratberg","16":"uni_artist_tag-havard-lund","17":"uni_artist_tag-helge-lien","18":"uni_artist_tag-ida-kristine-hansen","19":"uni_artist_tag-jan-erik-kongshaug","20":"uni_artist_tag-jorn-simen-overli","21":"uni_artist_tag-kim-andre-rysstad","22":"uni_artist_tag-knut-aalefjaer","23":"uni_artist_tag-otto-nielsen","24":"uni_artist_tag-rolf-erik-nystrom","25":"uni_artist_tag-sigurd-hole","26":"uni_artist_genre-folk-music","27":"uni_artist_genre-jazz","29":"first","30":"outofstock","31":"taxable","32":"shipping-taxable","33":"purchasable","34":"product-type-simple"},"_links":{"self":[{"href":"https:\/\/grappa.no\/no\/wp-json\/wp\/v2\/product\/1134","targetHints":{"allow":["GET"]}}],"collection":[{"href":"https:\/\/grappa.no\/no\/wp-json\/wp\/v2\/product"}],"about":[{"href":"https:\/\/grappa.no\/no\/wp-json\/wp\/v2\/types\/product"}],"replies":[{"embeddable":true,"href":"https:\/\/grappa.no\/no\/wp-json\/wp\/v2\/comments?post=1134"}],"wp:featuredmedia":[{"embeddable":true,"href":"https:\/\/grappa.no\/no\/wp-json\/wp\/v2\/media\/28628"}],"wp:attachment":[{"href":"https:\/\/grappa.no\/no\/wp-json\/wp\/v2\/media?parent=1134"}],"wp:term":[{"taxonomy":"product_brand","embeddable":true,"href":"https:\/\/grappa.no\/no\/wp-json\/wp\/v2\/product_brand?post=1134"},{"taxonomy":"product_cat","embeddable":true,"href":"https:\/\/grappa.no\/no\/wp-json\/wp\/v2\/product_cat?post=1134"},{"taxonomy":"product_tag","embeddable":true,"href":"https:\/\/grappa.no\/no\/wp-json\/wp\/v2\/product_tag?post=1134"}],"curies":[{"name":"wp","href":"https:\/\/api.w.org\/{rel}","templated":true}]}}